{"id":55,"date":"2025-01-03T18:32:27","date_gmt":"2025-01-03T17:32:27","guid":{"rendered":"https:\/\/wp.feuerwehr-weissenohe.de\/wordpress\/?page_id=55"},"modified":"2025-01-03T20:24:16","modified_gmt":"2025-01-03T19:24:16","slug":"chronik","status":"publish","type":"page","link":"https:\/\/wp.feuerwehr-weissenohe.de\/wordpress\/chronik\/","title":{"rendered":"Chronik"},"content":{"rendered":"\n<h2 class=\"wp-block-heading\">der Freiwillige Feuerwehr Wei\u00dfenohe<\/h2>\n\n\n\n<h3 class=\"wp-block-heading\">1878<\/h3>\n\n\n\n<p>47 M\u00e4nner aus Wei\u00dfenohe und Dorfhaus gr\u00fcnden die Freiwillige Feuerwehr Wei\u00dfenohe.<\/p>\n\n\n\n<h3 class=\"wp-block-heading\">1879<\/h3>\n\n\n\n<p>Anschaffung der ersten Handdruckspritze<\/p>\n\n\n\n<h3 class=\"wp-block-heading\">1888<\/h3>\n\n\n\n<p>geht aus den ersten schriftlichen Unterlagen hervor:<\/p>\n\n\n\n<ul class=\"wp-block-list\">\n<li>Vorstand: Benedikt Friedrich (Gastwirt) und<\/li>\n\n\n\n<li>Hauptmann: Konrad Fischer (Schmied)<\/li>\n<\/ul>\n\n\n\n<h3 class=\"wp-block-heading\">1895<\/h3>\n\n\n\n<p>Die Dorfhauser Mitglieder trennen sich vom Wei\u00dfenoher Verein und bilden eine eigene Wehr. Trotz der Trennung erh\u00f6t sich die Mitgliederzahl unter Hauptmann Friedrich Streidel (B\u00e4cker), auf 60 Mann. Anschaffung einer modernen Handdruckspritze. Hauptmann wird Georg Friedrich (Weinberg). Die Mitgliederzahl steigt auf 73.<\/p>\n\n\n\n<h3 class=\"wp-block-heading\">1928<\/h3>\n\n\n\n<p>Erster Kreisfeuerwehrtag in Wei\u00dfenohe.<\/p>\n\n\n\n<h3 class=\"wp-block-heading\">1929<\/h3>\n\n\n\n<p>Brandeinsatz: Scheune Gastwirtschaft Friedrich und Scheune Seitz, Dorfhaus.<\/p>\n\n\n\n<h3 class=\"wp-block-heading\">1932<\/h3>\n\n\n\n<p>Brandeinsatz: Scheune Schlicht, Wei\u00dfenohe.<\/p>\n\n\n\n<h3 class=\"wp-block-heading\">1933<\/h3>\n\n\n\n<p>Von 1905 bis 1933 liegen nur sp\u00e4rliche Unterlagen vor.<br>Die Hauptleute in dieser Zeit waren:<br>Franz Schiffer (Metzger), Christoph Friedrich (Weinberg), und Heinrich M\u00fcller (Schuhmachermeister).<br>Neuer Vorstand wird Johann Baptist Friedrich (Brauerei) und 1. Kommandant Heinrich Weber (Landwirt).<br>Brandeinsatz in der Ziegelei.<\/p>\n\n\n\n<h3 class=\"wp-block-heading\">1936<\/h3>\n\n\n\n<p>Der Landesfeuerwehrverband teilt Wei\u00dfenohe und Dorfhaus in zwei &#8222;Halbl\u00f6schz\u00fcge&#8220; unter F\u00fchrung des 1. Kommandanten Heinrich Weber ein.<\/p>\n\n\n\n<h3 class=\"wp-block-heading\">1942<\/h3>\n\n\n\n<p>Bis Kriegsende 1945 f\u00fchrt Georg Fischer (Schmiedemeister), als Vorstand und als 1. Kommandant, die Wehr.<\/p>\n\n\n\n<h3 class=\"wp-block-heading\">1947<\/h3>\n\n\n\n<p>Unter Leitung von Heinrich Weber wird eine Theatergruppe gegr\u00fcndet.<br>Der erspielte Erl\u00f6s bildet\u2026<\/p>\n\n\n\n<h3 class=\"wp-block-heading\">1948<\/h3>\n\n\n\n<p>\u2026den Grundstock zum Kauf einer Motorspritze TS 8 mit Anh\u00e4nger.<\/p>\n\n\n\n<h3 class=\"wp-block-heading\">1949<\/h3>\n\n\n\n<p>Wohnhausbrand bei Josef Trautner, durch Funkenflug ensteht ein Kirchturmbrand, der aber rechtzeitig gel\u00f6scht werden kann.<\/p>\n\n\n\n<h3 class=\"wp-block-heading\">1952<\/h3>\n\n\n\n<p>Heinrich Weber l\u00f6st Schmiedemeister Georg Fischer als 1. Vorstand ab. 1. Komandant wird Hans H\u00e4ndl.<\/p>\n\n\n\n<h3 class=\"wp-block-heading\">1953<\/h3>\n\n\n\n<p>75-j\u00e4hriges Gr\u00fcndungsfest<\/p>\n\n\n\n<h3 class=\"wp-block-heading\">1956<\/h3>\n\n\n\n<p>Neuer 1. Kommandant wird Fritz Braun<\/p>\n\n\n\n<h3 class=\"wp-block-heading\">1958<\/h3>\n\n\n\n<p>Das 80-j\u00e4hrige Gr\u00fcndungsfest wird in einem gr\u00f6\u00dferem Rahmen gefeiert. Nach 31 Jahren findet in Wei\u00dfenohe wieder ein Kreisfeuerwehrtag statt.<\/p>\n\n\n\n<h3 class=\"wp-block-heading\">1961<\/h3>\n\n\n\n<p>Ein tschechisches Verkehrsflugzeug st\u00fcrzt brennend \u00fcber dem Gemeindegebiet ab und explodiert. Alle 52 Insassen finden den Tod.<\/p>\n\n\n\n<h3 class=\"wp-block-heading\">1962<\/h3>\n\n\n\n<p>Von der Gemeinde wird eine moderne Motorspritze TS 8 mit Anh\u00e4nger gekauft.<\/p>\n\n\n\n<h3 class=\"wp-block-heading\">1963<\/h3>\n\n\n\n<p>3 Gruppen erwerben das Leistungsabzeichen in &#8222;Bronze&#8220;.<\/p>\n\n\n\n<h3 class=\"wp-block-heading\">1964<\/h3>\n\n\n\n<p>Eine weitere Gruppe erh\u00e4lt das Leistungsabzeichen in &#8222;Bronze&#8220;.<\/p>\n\n\n\n<h3 class=\"wp-block-heading\">1968<\/h3>\n\n\n\n<p>Seit ihrem Bestehen wird die Wehr bei einem Gro\u00dfbrand in der Ziegelei am meisten gefordert. Das Alter der aktiven Mitglieder wird von 40 auf 43 Jahre erh\u00f6ht.<\/p>\n\n\n\n<h3 class=\"wp-block-heading\">1971<\/h3>\n\n\n\n<p>Auch f\u00fcr bessere Brandbek\u00e4mpfung erstellt die Gemeinde unterhalb der Ortschaft Sollenberg einen Hochbeh\u00e4lter.<\/p>\n\n\n\n<h3 class=\"wp-block-heading\">1972<\/h3>\n\n\n\n<p>Mit Bau der neuen Turnhalle und Gemeindekanzlei erstellt die Gemeinde auch einen ausreichenden Feuerwehrger\u00e4teraum mit Trockenturm. Brandeins\u00e4tze in R\u00fcsselbach und Igensdorf.<\/p>\n\n\n\n<h3 class=\"wp-block-heading\">1973<\/h3>\n\n\n\n<p>Neuer 1. Vorstand wird der langj\u00e4hrige 1. Kommandant Fritz Braun. Zum 1. Kommandanten w\u00e4hlte die Versammlung Georg Schmidbauer.<br>F\u00fcr seine gro\u00dfen Verdienste um die Wehr und seine langj\u00e4hrige T\u00e4tigkeit als 1. Kommandant und 1. Vorstand, wird Heinrich Weber zum Ehrenvorstand ernannt.<br>Eine junge Gruppe legt das Leistungsabzeichen in &#8222;Bronze&#8220; ab. Wieder Brandeinsatz in der Ziegelei.<\/p>\n\n\n\n<h3 class=\"wp-block-heading\">1976<\/h3>\n\n\n\n<p>Neuer 1. Kommandant wird G\u00fcnther Papst, der Ende des selben Jahres beim \u00dcberqueren der B2 t\u00f6dlich verungl\u00fcckte.<\/p>\n\n\n\n<h3 class=\"wp-block-heading\">1977<\/h3>\n\n\n\n<p>Unter seinem Nachfolger G\u00fcnther Fritsch wurde der angefangene Hausneubau des t\u00f6dlich Verungl\u00fcckten durch freiwillige Helfer der Wehr, im Rohbau fertiggestellt. Die Gemeinde nimmt die vom Landkreis vorgeschlagene &#8222;Funkalarmierung&#8220; an. Erstmals erwirbt eine Gruppe das Leistungsabzeichen in &#8222;Silber&#8220;. Eine weitere Gruppe in &#8222;Bronze&#8220;.<\/p>\n\n\n\n<h3 class=\"wp-block-heading\">1978<\/h3>\n\n\n\n<p>Die Jahreshauptversammlung w\u00e4hlt Erich Sassik zum neuen 1. Vorstand. Derzeitiger Mitgliederstand der Wehr: 37 aktive, 33 passive, 33 f\u00f6rdernde Mitglieder und 21 Ehrenmitglieder.<br>Die Wehr steuert zur Anschaffung eines neuen Feuerwehrautos TSF 10.000,- DM bei.<\/p>\n\n\n\n<h3 class=\"wp-block-heading\">1979<\/h3>\n\n\n\n<p>Neuer Adjudant wird Heinz M\u00fcller.<\/p>\n\n\n\n<h3 class=\"wp-block-heading\">1980<\/h3>\n\n\n\n<p>Erster Brandeinsatz mit dem neuen Feuerwehrauto bei einem Scheunenbrand in Etlaswind.<\/p>\n\n\n\n<h3 class=\"wp-block-heading\">1981<\/h3>\n\n\n\n<p>Erstmals erwirbt eine Gruppe das Leistungsabzeichen in &#8222;Gold&#8220;.<\/p>\n\n\n\n<h3 class=\"wp-block-heading\">1982<\/h3>\n\n\n\n<p>Brandeinsatz bei Fl\u00e4chenbrand in Wei\u00dfenohe und Stallbrand in Mitteldorf.<br>Neuordnung in der Feuerwehr:<\/p>\n\n\n\n<ul class=\"wp-block-list\">\n<li>Aktive Wehr, die der Gemeinde untersteht<\/li>\n\n\n\n<li>Feuerwehrverein, 2. Vorstand wird Klaus Forster, der nun notwendig ist.<\/li>\n<\/ul>\n\n\n\n<h3 class=\"wp-block-heading\">1985<\/h3>\n\n\n\n<p>Brandeinsatz bei Zimmerschwellbrand im Gemeindeanwesen Wei\u00dfenohe und bei Wohnungsbrand in Igensdorf.<\/p>\n\n\n\n<h3 class=\"wp-block-heading\">1986<\/h3>\n\n\n\n<p>Brand in der Brauerei Brehmer in Gr\u00e4fenberg.<\/p>\n\n\n\n<h3 class=\"wp-block-heading\">1987<\/h3>\n\n\n\n<p>Eine Gruppe erwirbt erstmals das Leistungsabzeichen &#8222;Rot-Gold&#8220;, die seit dem &#8222;silbernen&#8220; Abzeichen stets zusammen war. Auch weitere Gruppen legten in den vergangenen Jahren die Leistungspr\u00fcfungen von Bronze bis Gr\u00fcn-Gold mit gro\u00dfem Erfolg ab.<br>Die Freiwillige Feuerwehr Wei\u00dfenohe wird als &#8222;eingetragener Verein&#8220; gef\u00fchrt.<br>Derzeitiger Mitgliederstand der Wehr:<br>57 aktive Mitglieder<br>18 passive Mitglieder<br>40 f\u00f6rdernde Mitglieder<br>17 Ehrenmitglieder<\/p>\n\n\n\n<h3 class=\"wp-block-heading\">1988<\/h3>\n\n\n\n<p>110 j\u00e4hriges Gr\u00fcndungsfest mit Fahnenweihe.<br>Die Jahreshauptversammlung w\u00e4hlt Hans Sch\u00fctz zum 1. Vorstand.<\/p>\n\n\n\n<h3 class=\"wp-block-heading\">1990<\/h3>\n\n\n\n<p>Erstmals \u00fcbernimmt die Wehr beim 90-j\u00e4hrigen Gr\u00fcndungsfest der FFW Lilling, die Patenschaft.<\/p>\n\n\n\n<h3 class=\"wp-block-heading\">1992<\/h3>\n\n\n\n<p>Gr\u00fcndung der Atemschutzgruppe. Vier Feuerwehrleute mit dem Atemschutz Grundlehrgang.<\/p>\n\n\n\n<h3 class=\"wp-block-heading\">1993<\/h3>\n\n\n\n<p>\u00dcbergabe und Weihe des neuen LF8\/6 welches von der Gemeinde angeschafft wurde.<\/p>\n\n\n\n<h3 class=\"wp-block-heading\">1994<\/h3>\n\n\n\n<p>Gr\u00fcndung der Damengruppe.<br>10 Feuerwehrleute legten erstmalig die Leistungspr\u00fcfung Stufe 1 ab. Martin Schwarz l\u00f6st Heinrich M\u00fcller als stellvertretender Kommandant ab.<\/p>\n\n\n\n<h3 class=\"wp-block-heading\">1995<\/h3>\n\n\n\n<p>Einweihung des neuen Unterrichtsraumes (K\u00e4mmerla). Zum ersten Mal findet eine Weihnachtsfeier aller Ortsvereine statt.<\/p>\n\n\n\n<h3 class=\"wp-block-heading\">1998<\/h3>\n\n\n\n<p>Reiner Bayerlein wird stellvertretender Kommandant.<br>Fl\u00e4chenbrand in der N\u00e4he der ehemaligen Ziegelei.<\/p>\n\n\n\n<h3 class=\"wp-block-heading\">1999<\/h3>\n\n\n\n<p>Schwerer Verkehrsunfall mit zwei toten Jugendlichen untere Einfahrt B2.<br>LKW-Unfall an B2. Aufr\u00e4umarbeiten dauern den ganzen Tag an.<br>Es verstarb unser Kommandant G\u00fcnther Fritsch.<br>Neuer Kommandant wird Reiner Bayerlein, zum Stellvertreter wird Herbert H\u00f6ltschl gew\u00e4hlt.<br>Kleinbrand im Kloster mit Personenrettung.<\/p>\n\n\n\n<h3 class=\"wp-block-heading\">2000<\/h3>\n\n\n\n<p>Die Jahreshauptversammlung w\u00e4hlt Simone Schlosser zum 2. Vorstand.<br>Umstellung des Beitrages von DM auf Euro.<\/p>\n\n\n\n<h3 class=\"wp-block-heading\">2002<\/h3>\n\n\n\n<p>\u00c4rmelabzeichen mit dem Wei\u00dfenoher Wappen werden angefertigt.<br>Zwei Damen absolvierten Atemschutzger\u00e4tetr\u00e4ger Lehrgang. Schulungsraum (K\u00e4mmerla) wird in den Sitzungsaal der Gemeinde verlegt.<br>Mitgliederstand der Wehr:<br>70 aktive Mitglieder<br>6 passive Mitglieder<br>35 f\u00f6rdernde Mitglieder<br>31 Ehrenmitglieder<\/p>\n\n\n\n<h3 class=\"wp-block-heading\">2003<\/h3>\n\n\n\n<p>125-j\u00e4hriges Gr\u00fcndungsfest der Wehr auf dem C-Platz der SpVgg Wei\u00dfenohe.<br>Es wird ein Bild mit allen aktiven Mitgliedern erstellt und bei dem Fest enth\u00fcllt.<\/p>\n\n\n\n<h3 class=\"wp-block-heading\">2006<\/h3>\n\n\n\n<p>Die Jahreshaupversammlung w\u00e4hlt Christian Schwarz zum 1. Vorstand. Herbert H\u00f6ltschl wird zum 1. Kommandanten, Markus Pfister zu seinem Stellvertreter gew\u00e4hlt.<\/p>\n\n\n\n<h3 class=\"wp-block-heading\">2009<\/h3>\n\n\n\n<p>Verpuffung mit anschlie\u00dfendem Schwelbrand in einem Wohnhaus in Wei\u00dfenohe.<\/p>\n\n\n\n<h3 class=\"wp-block-heading\">2010<\/h3>\n\n\n\n<p>Wohnungsbrand in Dorfhaus<\/p>\n\n\n\n<h3 class=\"wp-block-heading\">2011<\/h3>\n\n\n\n<p>Hochwasser durch starke Regenf\u00e4lle in Igensdorf und Wei\u00dfenohe.<br>Brand in der ehemaligen Gro\u00dfb\u00e4ckerei in Mostviel<br>Brand in Igensdorf, Obstbau Fahner<\/p>\n\n\n\n<h3 class=\"wp-block-heading\">2012<\/h3>\n\n\n\n<p>Brand einer Stallung im Gr\u00e4fenberger Ortsteil Kappel<\/p>\n\n\n\n<h3 class=\"wp-block-heading\">2013<\/h3>\n\n\n\n<p>Gleich 2 gr\u00f6\u00dfere Br\u00e4nde gab es in diesem Jahr in der Nachbarortschaft in Gr\u00e4fenberg zu l\u00f6schen. Eine zum Wohnhaus umgebaute Scheune wurde Opfer der Flammen und ein Dachstuhl brannte in der N\u00e4he des Bahnhofs.<\/p>\n\n\n\n<h3 class=\"wp-block-heading\">2014<\/h3>\n\n\n\n<p>Unwetter mit \u00dcberflutungen und Wassersch\u00e4den in Igensdorf und Wei\u00dfenohe.<\/p>\n\n\n\n<h3 class=\"wp-block-heading\">2015<\/h3>\n\n\n\n<p>Dachstuhlbrand im Gasthaus zum Lillachtal in Dorfhaus.<\/p>\n\n\n\n<h3 class=\"wp-block-heading\">2018<\/h3>\n\n\n\n<p>140 J\u00e4hriges Gr\u00fcndungsfest mit Einweihung der neuen Schulungs-, Aufenthalts- und Umkleider\u00e4umen in der vorherigen Gemeindeverwaltung.<\/p>\n\n\n\n<h3 class=\"wp-block-heading\">2020<\/h3>\n\n\n\n<p>\u00d6lfilm auf Kalkach wurde mit \u00d6lsperre des THW zur\u00fcckgehalten. <\/p>\n\n\n\n<h3 class=\"wp-block-heading\">2024<\/h3>\n\n\n\n<p>Die aktive Wehr w\u00e4hlt Markus Pfister zum 1. Kommandanten, zu seinem Stellvertreter wird Christopher Ludwig gew\u00e4hlt. Brand einer Doppelhaush\u00e4lfte in Gr\u00e4fenberg, Dachstuhlbrand Landwirtschaftliches Anwesen in Dorfhaus und LKW-Brand in Gr\u00e4fenberg.<\/p>\n\n\n\n<p><\/p>\n","protected":false},"excerpt":{"rendered":"<p>der Freiwillige Feuerwehr Wei\u00dfenohe 1878 47 M\u00e4nner aus Wei\u00dfenohe und Dorfhaus gr\u00fcnden die Freiwillige Feuerwehr Wei\u00dfenohe. 1879 Anschaffung der ersten Handdruckspritze 1888 geht aus den ersten schriftlichen Unterlagen hervor: 1895 Die Dorfhauser Mitglieder trennen sich vom Wei\u00dfenoher Verein und bilden eine eigene Wehr. Trotz der Trennung erh\u00f6t sich die Mitgliederzahl unter Hauptmann Friedrich Streidel (B\u00e4cker), &hellip; <a href=\"https:\/\/wp.feuerwehr-weissenohe.de\/wordpress\/chronik\/\" class=\"more-link\"><span class=\"screen-reader-text\">\u201eChronik\u201c <\/span>weiterlesen<\/a><\/p>\n","protected":false},"author":1,"featured_media":0,"parent":0,"menu_order":0,"comment_status":"closed","ping_status":"closed","template":"","meta":{"footnotes":""},"class_list":["post-55","page","type-page","status-publish","hentry"],"_links":{"self":[{"href":"https:\/\/wp.feuerwehr-weissenohe.de\/wordpress\/wp-json\/wp\/v2\/pages\/55","targetHints":{"allow":["GET"]}}],"collection":[{"href":"https:\/\/wp.feuerwehr-weissenohe.de\/wordpress\/wp-json\/wp\/v2\/pages"}],"about":[{"href":"https:\/\/wp.feuerwehr-weissenohe.de\/wordpress\/wp-json\/wp\/v2\/types\/page"}],"author":[{"embeddable":true,"href":"https:\/\/wp.feuerwehr-weissenohe.de\/wordpress\/wp-json\/wp\/v2\/users\/1"}],"replies":[{"embeddable":true,"href":"https:\/\/wp.feuerwehr-weissenohe.de\/wordpress\/wp-json\/wp\/v2\/comments?post=55"}],"version-history":[{"count":6,"href":"https:\/\/wp.feuerwehr-weissenohe.de\/wordpress\/wp-json\/wp\/v2\/pages\/55\/revisions"}],"predecessor-version":[{"id":68,"href":"https:\/\/wp.feuerwehr-weissenohe.de\/wordpress\/wp-json\/wp\/v2\/pages\/55\/revisions\/68"}],"wp:attachment":[{"href":"https:\/\/wp.feuerwehr-weissenohe.de\/wordpress\/wp-json\/wp\/v2\/media?parent=55"}],"curies":[{"name":"wp","href":"https:\/\/api.w.org\/{rel}","templated":true}]}}